{"id":5739,"date":"2024-03-12T07:24:28","date_gmt":"2024-03-12T06:24:28","guid":{"rendered":"https:\/\/foodanhaenger.ch\/?page_id=5739"},"modified":"2025-03-18T06:39:49","modified_gmt":"2025-03-18T05:39:49","slug":"videogalerie","status":"publish","type":"page","link":"https:\/\/foodanhaenger.ch\/it\/videogalerie\/","title":{"rendered":"Galleria video"},"content":{"rendered":"<div data-elementor-type=\"wp-page\" data-elementor-id=\"5739\" class=\"elementor elementor-5739\" data-elementor-post-type=\"page\">\n\t\t\t\t\t\t<section class=\"elementor-section elementor-top-section elementor-element elementor-element-e6edada elementor-section-full_width elementor-hidden-tablet elementor-hidden-mobile_extra elementor-hidden-mobile elementor-section-height-default elementor-section-height-default\" data-id=\"e6edada\" data-element_type=\"section\" data-e-type=\"section\" data-settings=\"{&quot;background_background&quot;:&quot;classic&quot;}\">\r\n\t\t\r\n\t\t\t\t\t\t\t<div class=\"elementor-container elementor-column-gap-no porto-ibanner\">\r\n\t\t\t\t<div class=\"banner-effect-wrapper\"><div class=\"banner-effect kenBurnsToLeft\" style=\"background-image: url(https:\/\/foodanhaenger.ch\/wp-content\/uploads\/2023\/11\/Header-foodanhaenger.webp); background-size: cover;background-position: center;\"><\/div><\/div><img fetchpriority=\"high\" decoding=\"async\" src=\"https:\/\/foodanhaenger.ch\/wp-content\/uploads\/2023\/11\/Header-foodanhaenger.webp\" alt=\"Header-foodanhaenger\" width=\"2560\" height=\"854\" class=\"porto-ibanner-img invisible\" srcset=\"https:\/\/foodanhaenger.ch\/wp-content\/uploads\/2023\/11\/Header-foodanhaenger.webp 2560w, https:\/\/foodanhaenger.ch\/wp-content\/uploads\/2023\/11\/Header-foodanhaenger-600x200.webp 600w, https:\/\/foodanhaenger.ch\/wp-content\/uploads\/2023\/11\/Header-foodanhaenger-1024x342.webp 1024w, https:\/\/foodanhaenger.ch\/wp-content\/uploads\/2023\/11\/Header-foodanhaenger-768x256.webp 768w, https:\/\/foodanhaenger.ch\/wp-content\/uploads\/2023\/11\/Header-foodanhaenger-1536x512.webp 1536w, https:\/\/foodanhaenger.ch\/wp-content\/uploads\/2023\/11\/Header-foodanhaenger-2048x683.webp 2048w, https:\/\/foodanhaenger.ch\/wp-content\/uploads\/2023\/11\/Header-foodanhaenger-640x214.webp 640w, https:\/\/foodanhaenger.ch\/wp-content\/uploads\/2023\/11\/Header-foodanhaenger-400x133.webp 400w, https:\/\/foodanhaenger.ch\/wp-content\/uploads\/2023\/11\/Header-foodanhaenger-367x122.webp 367w\" sizes=\"(max-width: 2560px) 100vw, 2560px\">\t\t\t\t\t\t\t<div class=\"elementor-column elementor-col-100 elementor-top-column elementor-element elementor-element-596b3be\" data-id=\"596b3be\" data-element_type=\"column\" data-e-type=\"column\">\r\n\t\t\t\t\t<div class=\"elementor-widget-wrap\">\r\n\t\t\t\t\t\t\t\t\t<\/div>\r\n\t\t\t\t<\/div>\r\n\t\t\t\t\t<\/div>\r\n\t\t\t\t<\/section>\r\n\t\t\t\t<section class=\"porto-full-no-gap elementor-section elementor-top-section elementor-element elementor-element-1356dc0 elementor-section-full_width elementor-hidden-desktop elementor-hidden-tablet_extra elementor-section-height-default elementor-section-height-default\" data-id=\"1356dc0\" data-element_type=\"section\" data-e-type=\"section\">\r\n\t\t\r\n\t\t\t\t\t\t\t<div class=\"elementor-container elementor-column-gap-no porto-ibanner\">\r\n\t\t\t\t<div class=\"banner-effect-wrapper\"><div class=\"banner-effect kenBurnsToLeft\" style=\"background-image: url(https:\/\/foodanhaenger.ch\/wp-content\/uploads\/2023\/11\/Header-foodanhaenger-tab-mob.webp); background-size: cover;background-position: center;\"><\/div><\/div><img decoding=\"async\" src=\"https:\/\/foodanhaenger.ch\/wp-content\/uploads\/2023\/11\/Header-foodanhaenger-tab-mob.webp\" alt=\"Header\" width=\"1300\" height=\"1069\" class=\"porto-ibanner-img invisible\" srcset=\"https:\/\/foodanhaenger.ch\/wp-content\/uploads\/2023\/11\/Header-foodanhaenger-tab-mob.webp 1300w, https:\/\/foodanhaenger.ch\/wp-content\/uploads\/2023\/11\/Header-foodanhaenger-tab-mob-600x493.webp 600w, https:\/\/foodanhaenger.ch\/wp-content\/uploads\/2023\/11\/Header-foodanhaenger-tab-mob-1024x842.webp 1024w, https:\/\/foodanhaenger.ch\/wp-content\/uploads\/2023\/11\/Header-foodanhaenger-tab-mob-768x632.webp 768w, https:\/\/foodanhaenger.ch\/wp-content\/uploads\/2023\/11\/Header-foodanhaenger-tab-mob-640x526.webp 640w, https:\/\/foodanhaenger.ch\/wp-content\/uploads\/2023\/11\/Header-foodanhaenger-tab-mob-400x329.webp 400w, https:\/\/foodanhaenger.ch\/wp-content\/uploads\/2023\/11\/Header-foodanhaenger-tab-mob-367x302.webp 367w\" sizes=\"(max-width: 1300px) 100vw, 1300px\">\t\t\t\t\t\t\t<div class=\"elementor-column elementor-col-100 elementor-top-column elementor-element elementor-element-8460519\" data-id=\"8460519\" data-element_type=\"column\" data-e-type=\"column\">\r\n\t\t\t\t\t<div class=\"elementor-widget-wrap\">\r\n\t\t\t\t\t\t\t\t\t<\/div>\r\n\t\t\t\t<\/div>\r\n\t\t\t\t\t<\/div>\r\n\t\t\t\t<\/section>\r\n\t\t\t\t<section class=\"elementor-section elementor-top-section elementor-element elementor-element-1c91f3c elementor-section-stretched animated-fast elementor-section-boxed elementor-section-height-default elementor-section-height-default\" data-id=\"1c91f3c\" data-element_type=\"section\" data-e-type=\"section\" data-settings=\"{&quot;animation&quot;:&quot;none&quot;,&quot;animation_delay&quot;:200,&quot;stretch_section&quot;:&quot;section-stretched&quot;}\">\r\n\t\t\r\n\t\t\t\t\t\t\t<div class=\"elementor-container elementor-column-gap-default\">\r\n\t\t\t\t\t\t\t\t\t\t\t<div class=\"elementor-column elementor-col-100 elementor-top-column elementor-element elementor-element-26fa607\" data-id=\"26fa607\" data-element_type=\"column\" data-e-type=\"column\" data-settings=\"{&quot;background_background&quot;:&quot;classic&quot;}\">\r\n\t\t\t\t\t<div class=\"elementor-widget-wrap elementor-element-populated\">\r\n\t\t\t\t\t\t\t\t<div class=\"elementor-element elementor-element-14e5185 elementor-headline--style-highlight elementor-invisible elementor-widget elementor-widget-animated-headline\" data-id=\"14e5185\" data-element_type=\"widget\" data-e-type=\"widget\" data-settings=\"{&quot;marker&quot;:&quot;underline_zigzag&quot;,&quot;highlighted_text&quot;:&quot;VIDEOGALERIE&quot;,&quot;_animation&quot;:&quot;fadeIn&quot;,&quot;_animation_delay&quot;:100,&quot;highlight_animation_duration&quot;:2000,&quot;headline_style&quot;:&quot;highlight&quot;,&quot;loop&quot;:&quot;yes&quot;,&quot;highlight_iteration_delay&quot;:8000}\" data-widget_type=\"animated-headline.default\">\n\t\t\t\t\t\t\t<h3 class=\"elementor-headline\">\n\t\t\t\t<span class=\"elementor-headline-dynamic-wrapper elementor-headline-text-wrapper\">\n\t\t\t\t\t<span class=\"elementor-headline-dynamic-text elementor-headline-text-active\">GALLERIA VIDEO<\/span>\n\t\t\t\t<\/span>\n\t\t\t\t<\/h3>\n\t\t\t\t\t\t<\/div>\n\t\t\t\t<section class=\"elementor-section elementor-inner-section elementor-element elementor-element-8da40f3 elementor-section-boxed elementor-section-height-default elementor-section-height-default\" data-id=\"8da40f3\" data-element_type=\"section\" data-e-type=\"section\">\r\n\t\t\r\n\t\t\t\t\t\t\t<div class=\"elementor-container elementor-column-gap-default\">\r\n\t\t\t\t\t\t\t\t\t\t\t<div class=\"elementor-column elementor-col-33 elementor-inner-column elementor-element elementor-element-c829480\" data-id=\"c829480\" data-element_type=\"column\" data-e-type=\"column\">\r\n\t\t\t\t\t<div class=\"elementor-widget-wrap elementor-element-populated\">\r\n\t\t\t\t\t\t\t\t<div class=\"elementor-element elementor-element-fee1df0 elementor-widget__width-initial elementor-widget elementor-widget-video\" data-id=\"fee1df0\" data-element_type=\"widget\" data-e-type=\"widget\" data-settings=\"{&quot;video_type&quot;:&quot;hosted&quot;,&quot;loop&quot;:&quot;yes&quot;,&quot;mute&quot;:&quot;yes&quot;,&quot;controls&quot;:&quot;yes&quot;}\" data-widget_type=\"video.default\">\n\t\t\t\t\t\t\t<div class=\"e-hosted-video elementor-wrapper elementor-open-inline\">\n\t\t\t\t\t<video class=\"elementor-video\" src=\"https:\/\/foodanhaenger.ch\/wp-content\/uploads\/2025\/03\/foodanhaenger-2025-03.mp4\" loop=\"\" controls=\"\" preload=\"metadata\" muted=\"muted\" controlslist=\"nodownload\"><\/video>\n\t\t\t\t<\/div>\n\t\t\t\t\t\t<\/div>\n\t\t\t\t\t<\/div>\r\n\t\t\t\t<\/div>\r\n\t\t\t\t<div class=\"elementor-column elementor-col-33 elementor-inner-column elementor-element elementor-element-311e6a6\" data-id=\"311e6a6\" data-element_type=\"column\" data-e-type=\"column\">\r\n\t\t\t\t\t<div class=\"elementor-widget-wrap elementor-element-populated\">\r\n\t\t\t\t\t\t\t\t<div class=\"elementor-element elementor-element-a8291ac elementor-widget elementor-widget-video\" data-id=\"a8291ac\" data-element_type=\"widget\" data-e-type=\"widget\" data-settings=\"{&quot;video_type&quot;:&quot;hosted&quot;,&quot;loop&quot;:&quot;yes&quot;,&quot;mute&quot;:&quot;yes&quot;,&quot;controls&quot;:&quot;yes&quot;}\" data-widget_type=\"video.default\">\n\t\t\t\t\t\t\t<div class=\"e-hosted-video elementor-wrapper elementor-open-inline\">\n\t\t\t\t\t<video class=\"elementor-video\" src=\"https:\/\/foodanhaenger.ch\/wp-content\/uploads\/2024\/11\/foodanhaenger-2024-11-001.mp4\" loop=\"\" controls=\"\" preload=\"metadata\" muted=\"muted\" controlslist=\"nodownload\"><\/video>\n\t\t\t\t<\/div>\n\t\t\t\t\t\t<\/div>\n\t\t\t\t\t<\/div>\r\n\t\t\t\t<\/div>\r\n\t\t\t\t<div class=\"elementor-column elementor-col-33 elementor-inner-column elementor-element elementor-element-72d2779\" data-id=\"72d2779\" data-element_type=\"column\" data-e-type=\"column\">\r\n\t\t\t\t\t<div class=\"elementor-widget-wrap elementor-element-populated\">\r\n\t\t\t\t\t\t\t\t<div class=\"elementor-element elementor-element-2d7fd2b elementor-widget elementor-widget-video\" data-id=\"2d7fd2b\" data-element_type=\"widget\" data-e-type=\"widget\" data-settings=\"{&quot;video_type&quot;:&quot;hosted&quot;,&quot;loop&quot;:&quot;yes&quot;,&quot;mute&quot;:&quot;yes&quot;,&quot;controls&quot;:&quot;yes&quot;}\" data-widget_type=\"video.default\">\n\t\t\t\t\t\t\t<div class=\"e-hosted-video elementor-wrapper elementor-open-inline\">\n\t\t\t\t\t<video class=\"elementor-video\" src=\"https:\/\/foodanhaenger.ch\/wp-content\/uploads\/2024\/08\/Designfolierungen-Graffiti.mp4\" loop=\"\" controls=\"\" preload=\"metadata\" muted=\"muted\" controlslist=\"nodownload\"><\/video>\n\t\t\t\t<\/div>\n\t\t\t\t\t\t<\/div>\n\t\t\t\t\t<\/div>\r\n\t\t\t\t<\/div>\r\n\t\t\t\t\t<\/div>\r\n\t\t\t\t<\/section>\r\n\t\t\t\t<section class=\"elementor-section elementor-inner-section elementor-element elementor-element-dcedbe4 elementor-section-boxed elementor-section-height-default elementor-section-height-default\" data-id=\"dcedbe4\" data-element_type=\"section\" data-e-type=\"section\">\r\n\t\t\r\n\t\t\t\t\t\t\t<div class=\"elementor-container elementor-column-gap-default\">\r\n\t\t\t\t\t\t\t\t\t\t\t<div class=\"elementor-column elementor-col-33 elementor-inner-column elementor-element elementor-element-7a6cc97\" data-id=\"7a6cc97\" data-element_type=\"column\" data-e-type=\"column\">\r\n\t\t\t\t\t<div class=\"elementor-widget-wrap elementor-element-populated\">\r\n\t\t\t\t\t\t\t\t<div class=\"elementor-element elementor-element-1f5044d elementor-widget__width-initial elementor-widget elementor-widget-video\" data-id=\"1f5044d\" data-element_type=\"widget\" data-e-type=\"widget\" data-settings=\"{&quot;video_type&quot;:&quot;hosted&quot;,&quot;loop&quot;:&quot;yes&quot;,&quot;mute&quot;:&quot;yes&quot;,&quot;controls&quot;:&quot;yes&quot;}\" data-widget_type=\"video.default\">\n\t\t\t\t\t\t\t<div class=\"e-hosted-video elementor-wrapper elementor-open-inline\">\n\t\t\t\t\t<video class=\"elementor-video\" src=\"https:\/\/foodanhaenger.ch\/wp-content\/uploads\/2023\/09\/Foodanhaenger-2.mp4\" loop=\"\" controls=\"\" preload=\"metadata\" muted=\"muted\" controlslist=\"nodownload\"><\/video>\n\t\t\t\t<\/div>\n\t\t\t\t\t\t<\/div>\n\t\t\t\t\t<\/div>\r\n\t\t\t\t<\/div>\r\n\t\t\t\t<div class=\"elementor-column elementor-col-33 elementor-inner-column elementor-element elementor-element-b952438\" data-id=\"b952438\" data-element_type=\"column\" data-e-type=\"column\">\r\n\t\t\t\t\t<div class=\"elementor-widget-wrap elementor-element-populated\">\r\n\t\t\t\t\t\t\t\t<div class=\"elementor-element elementor-element-4431f87 elementor-widget elementor-widget-video\" data-id=\"4431f87\" data-element_type=\"widget\" data-e-type=\"widget\" data-settings=\"{&quot;video_type&quot;:&quot;hosted&quot;,&quot;loop&quot;:&quot;yes&quot;,&quot;mute&quot;:&quot;yes&quot;,&quot;controls&quot;:&quot;yes&quot;}\" data-widget_type=\"video.default\">\n\t\t\t\t\t\t\t<div class=\"e-hosted-video elementor-wrapper elementor-open-inline\">\n\t\t\t\t\t<video class=\"elementor-video\" src=\"https:\/\/foodanhaenger.ch\/wp-content\/uploads\/2024\/01\/VID-20240118-WA0001.mp4\" loop=\"\" controls=\"\" preload=\"metadata\" muted=\"muted\" controlslist=\"nodownload\"><\/video>\n\t\t\t\t<\/div>\n\t\t\t\t\t\t<\/div>\n\t\t\t\t\t<\/div>\r\n\t\t\t\t<\/div>\r\n\t\t\t\t<div class=\"elementor-column elementor-col-33 elementor-inner-column elementor-element elementor-element-7509a97\" data-id=\"7509a97\" data-element_type=\"column\" data-e-type=\"column\">\r\n\t\t\t\t\t<div class=\"elementor-widget-wrap elementor-element-populated\">\r\n\t\t\t\t\t\t\t\t<div class=\"elementor-element elementor-element-3dc1c43 elementor-widget elementor-widget-video\" data-id=\"3dc1c43\" data-element_type=\"widget\" data-e-type=\"widget\" data-settings=\"{&quot;video_type&quot;:&quot;hosted&quot;,&quot;loop&quot;:&quot;yes&quot;,&quot;mute&quot;:&quot;yes&quot;,&quot;controls&quot;:&quot;yes&quot;}\" data-widget_type=\"video.default\">\n\t\t\t\t\t\t\t<div class=\"e-hosted-video elementor-wrapper elementor-open-inline\">\n\t\t\t\t\t<video class=\"elementor-video\" src=\"https:\/\/foodanhaenger.ch\/wp-content\/uploads\/2024\/05\/Designfolierungen.mp4\" loop=\"\" controls=\"\" preload=\"metadata\" muted=\"muted\" controlslist=\"nodownload\"><\/video>\n\t\t\t\t<\/div>\n\t\t\t\t\t\t<\/div>\n\t\t\t\t\t<\/div>\r\n\t\t\t\t<\/div>\r\n\t\t\t\t\t<\/div>\r\n\t\t\t\t<\/section>\r\n\t\t\t\t<section class=\"elementor-section elementor-inner-section elementor-element elementor-element-e4cf941 elementor-section-boxed elementor-section-height-default elementor-section-height-default\" data-id=\"e4cf941\" data-element_type=\"section\" data-e-type=\"section\">\r\n\t\t\r\n\t\t\t\t\t\t\t<div class=\"elementor-container elementor-column-gap-default\">\r\n\t\t\t\t\t\t\t\t\t\t\t<div class=\"elementor-column elementor-col-33 elementor-inner-column elementor-element elementor-element-95be5db\" data-id=\"95be5db\" data-element_type=\"column\" data-e-type=\"column\">\r\n\t\t\t\t\t<div class=\"elementor-widget-wrap elementor-element-populated\">\r\n\t\t\t\t\t\t\t\t<div class=\"elementor-element elementor-element-3a03da4 elementor-widget elementor-widget-video\" data-id=\"3a03da4\" data-element_type=\"widget\" data-e-type=\"widget\" data-settings=\"{&quot;video_type&quot;:&quot;hosted&quot;,&quot;loop&quot;:&quot;yes&quot;,&quot;mute&quot;:&quot;yes&quot;,&quot;controls&quot;:&quot;yes&quot;}\" data-widget_type=\"video.default\">\n\t\t\t\t\t\t\t<div class=\"e-hosted-video elementor-wrapper elementor-open-inline\">\n\t\t\t\t\t<video class=\"elementor-video\" src=\"https:\/\/foodanhaenger.ch\/wp-content\/uploads\/2024\/03\/WhatsApp-Video-2024-03-06-at-14.31.59_731e27e0.mp4\" loop=\"\" controls=\"\" preload=\"metadata\" muted=\"muted\" controlslist=\"nodownload\"><\/video>\n\t\t\t\t<\/div>\n\t\t\t\t\t\t<\/div>\n\t\t\t\t\t<\/div>\r\n\t\t\t\t<\/div>\r\n\t\t\t\t<div class=\"elementor-column elementor-col-33 elementor-inner-column elementor-element elementor-element-2942c8c\" data-id=\"2942c8c\" data-element_type=\"column\" data-e-type=\"column\">\r\n\t\t\t\t\t<div class=\"elementor-widget-wrap elementor-element-populated\">\r\n\t\t\t\t\t\t\t\t\t<\/div>\r\n\t\t\t\t<\/div>\r\n\t\t\t\t<div class=\"elementor-column elementor-col-33 elementor-inner-column elementor-element elementor-element-3eb911a\" data-id=\"3eb911a\" data-element_type=\"column\" data-e-type=\"column\">\r\n\t\t\t\t\t<div class=\"elementor-widget-wrap elementor-element-populated\">\r\n\t\t\t\t\t\t\t\t\t<\/div>\r\n\t\t\t\t<\/div>\r\n\t\t\t\t\t<\/div>\r\n\t\t\t\t<\/section>\r\n\t\t\t\t<section class=\"elementor-section elementor-inner-section elementor-element elementor-element-08e575f elementor-section-boxed elementor-section-height-default elementor-section-height-default\" data-id=\"08e575f\" data-element_type=\"section\" data-e-type=\"section\">\r\n\t\t\r\n\t\t\t\t\t\t\t<div class=\"elementor-container elementor-column-gap-default\">\r\n\t\t\t\t\t\t\t\t\t\t\t<div class=\"elementor-column elementor-col-100 elementor-inner-column elementor-element elementor-element-ca0fa9e\" data-id=\"ca0fa9e\" data-element_type=\"column\" data-e-type=\"column\">\r\n\t\t\t\t\t<div class=\"elementor-widget-wrap elementor-element-populated\">\r\n\t\t\t\t\t\t\t\t<div class=\"elementor-element elementor-element-183db34 elementor-widget elementor-widget-text-editor\" data-id=\"183db34\" data-element_type=\"widget\" data-e-type=\"widget\" data-widget_type=\"text-editor.default\">\n\t\t\t\t\t\t\t\t\t<p><span style=\"color: #ffffff;\">MODELLI DISPONIBILI<\/span><\/p>\t\t\t\t\t\t\t\t<\/div>\n\t\t\t\t\t<\/div>\r\n\t\t\t\t<\/div>\r\n\t\t\t\t\t<\/div>\r\n\t\t\t\t<\/section>\r\n\t\t\t\t<section class=\"elementor-section elementor-inner-section elementor-element elementor-element-a8cf76a elementor-section-boxed elementor-section-height-default elementor-section-height-default\" data-id=\"a8cf76a\" data-element_type=\"section\" data-e-type=\"section\">\r\n\t\t\r\n\t\t\t\t\t\t\t<div class=\"elementor-container elementor-column-gap-default\">\r\n\t\t\t\t\t\t\t\t\t\t\t<div class=\"elementor-column elementor-col-100 elementor-inner-column elementor-element elementor-element-2c3a24e\" data-id=\"2c3a24e\" data-element_type=\"column\" data-e-type=\"column\">\r\n\t\t\t\t\t<div class=\"elementor-widget-wrap elementor-element-populated\">\r\n\t\t\t\t\t\t\t\t<div class=\"elementor-element elementor-element-2701682 elementor-widget elementor-widget-porto_products\" data-id=\"2701682\" data-element_type=\"widget\" data-e-type=\"widget\" data-settings=\"{&quot;spacing&quot;:{&quot;unit&quot;:&quot;px&quot;,&quot;size&quot;:&quot;&quot;,&quot;sizes&quot;:[]}}\" data-widget_type=\"porto_products.default\">\n\t\t\t\t\t<div id=\"porto-products-d751713988987e9331980363e24189ce\" class=\"porto-products wpb_content_element theme_option\"><div class=\"slider-wrapper\"><div class=\"woocommerce columns-4\"><ul class=\"products products-container products-slider owl-carousel nav-pos-outside nav-style-3 dots-style-1 has-ccols has-ccols-spacing ccols-xl-4 ccols-lg-3 ccols-md-3 ccols-sm-2 ccols-1 pwidth-lg-4 pwidth-md-3 pwidth-xs-2 pwidth-ls-1 is-shortcode\"\r\n\t\tdata-plugin-options=\"{&quot;themeConfig&quot;:true,&quot;lg&quot;:4,&quot;md&quot;:3,&quot;xs&quot;:2,&quot;ls&quot;:1,&quot;nav&quot;:true,&quot;dots&quot;:true,&quot;margin&quot;:30}\" data-product_layout=\"product-default\" role=\"none\">\r\n\r\n<li role=\"none\" class=\"product-col product-default product type-product post-5649 status-publish first instock product_cat-foodanhaenger product_tag-food-anhaenger product_tag-food-trailer product_tag-imbisswagen product_tag-verkaufswagen has-post-thumbnail shipping-taxable purchasable product-type-simple\">\r\n<div class=\"product-inner\">\r\n\t\r\n\t<div class=\"product-image\">\r\n\r\n\t\t<a  href=\"https:\/\/foodanhaenger.ch\/it\/shop\/verkaufswagen-imbisswagen-l-300-b-200-h-230-270\/\" aria-label=\"Go to product page\">\r\n\t\t\t<div class=\"inner img-effect\"><img decoding=\"async\" width=\"300\" height=\"225\" src=\"https:\/\/foodanhaenger.ch\/wp-content\/uploads\/2024\/03\/foodanhaenger-2024-11-25-011-300x225.webp\" class=\"attachment-woocommerce_thumbnail size-woocommerce_thumbnail\" alt=\"Verkaufswagen - Imbisswagen L 300 B 200 H 230\/270\" \/><img loading=\"lazy\" decoding=\"async\" width=\"300\" height=\"225\" src=\"https:\/\/foodanhaenger.ch\/wp-content\/uploads\/2024\/03\/foodanhaenger-2024-11-25-010-300x225.webp\" class=\"hover-image\" alt=\"\" \/><\/div>\t\t<\/a>\r\n\t\t\t<\/div>\r\n\r\n\t<div class=\"product-content\">\r\n\t\t<span class=\"category-list\"><a href=\"https:\/\/foodanhaenger.ch\/it\/product-category\/foodanhaenger\/\" rel=\"tag\">Rimorchio alimentare<\/a><\/span>\r\n\t\t\t<a class=\"product-loop-title\"  href=\"https:\/\/foodanhaenger.ch\/it\/shop\/verkaufswagen-imbisswagen-l-300-b-200-h-230-270\/\">\r\n\t<h3 class=\"woocommerce-loop-product__title\">Verkaufswagen &#8211; Imbisswagen L 300 B 200 H 230\/270<\/h3>\t<\/a>\r\n\t\r\n\t\t\r\n\r\n<div class=\"rating-wrap\">\r\n\t<div class=\"rating-content\"><div class=\"star-rating\" title=\"0\"><span style=\"width:0%\"><strong class=\"rating\">0<\/strong> out of 5<\/span><\/div><\/div>\r\n<\/div>\r\n\r\n\t<div class=\"description\">\r\n\t\t\t\t<p class=\"post-excerpt\">Innenmasse: 300 x 200 x 230\/270 cm<br \/>\nMaximales Gewicht: 1500 kg<br \/>\n1 Achse, mechanische KNOTT<br \/>\n1-2-3 Verkaufsklappen an der Seitenwand<br \/>\nEingangst\u00fcr vorne<br \/>\nmit *Grundausstattung<\/p>\n\t<\/div>\r\n\t\n\t<span class=\"price\"><span class=\"woocommerce-Price-amount amount\"><bdi><span class=\"woocommerce-Price-currencySymbol\">&#67;&#72;&#70;<\/span>&nbsp;21\u2019000<\/bdi><\/span><\/span>\n\r\n\t\t<div class=\"add-links-wrap\">\r\n\t<div class=\"add-links clearfix\">\r\n\t\t<a href=\"\/it\/wp-json\/wp\/v2\/pages\/5739?add-to-cart=5649\" aria-describedby=\"woocommerce_loop_add_to_cart_link_describedby_5649\" data-quantity=\"1\" class=\"viewcart-style-3 button product_type_simple add_to_cart_button ajax_add_to_cart\" data-product_id=\"5649\" data-product_sku=\"verkaufswagen-l-300\" aria-label=\"Aggiungi al carrello: &quot;Verkaufswagen - Imbisswagen L 300 B 200 H 230\/270&quot;\" rel=\"nofollow\" data-success_message=\"&quot;Verkaufswagen - Imbisswagen L 300 B 200 H 230\/270&quot; \u00e8 stato aggiunto al tuo carrello.\" role=\"button\" data-no-translation=\"\" data-trp-gettext=\"\" data-no-translation-aria-label=\"\" data-no-translation-data-success_message=\"\">Aggiungi al carrello<\/a>\t\t<span id=\"woocommerce_loop_add_to_cart_link_describedby_5649\" class=\"screen-reader-text\">\r\n\t\t\t<\/span>\r\n\t\t<div class=\"quickview\" data-id=\"5649\" title=\"Schnellansicht\">Schnellansicht<\/div>\t<\/div>\r\n\t<\/div>\r\n\t<\/div>\r\n<\/div>\r\n\r\n<\/li>\r\n\r\n<li role=\"none\" class=\"product-col product-default product type-product post-5665 status-publish instock product_cat-foodanhaenger product_tag-food-anhaenger product_tag-food-trailer product_tag-imbisswagen product_tag-verkaufswagen has-post-thumbnail shipping-taxable purchasable product-type-simple\">\r\n<div class=\"product-inner\">\r\n\t\r\n\t<div class=\"product-image\">\r\n\r\n\t\t<a  href=\"https:\/\/foodanhaenger.ch\/it\/shop\/verkaufswagen-imbisswagen-l-360-b-230-h-230-270\/\" aria-label=\"Go to product page\">\r\n\t\t\t<div class=\"inner img-effect\"><img loading=\"lazy\" decoding=\"async\" width=\"300\" height=\"225\" src=\"https:\/\/foodanhaenger.ch\/wp-content\/uploads\/2024\/03\/3-360-cm-Lang-3-300x225.webp\" class=\"attachment-woocommerce_thumbnail size-woocommerce_thumbnail\" alt=\"3-360-cm-Lang-3\" \/><img loading=\"lazy\" decoding=\"async\" width=\"300\" height=\"225\" src=\"https:\/\/foodanhaenger.ch\/wp-content\/uploads\/2023\/09\/3-360-cm-Lang-5-300x225.webp\" class=\"hover-image\" alt=\"\" \/><\/div>\t\t<\/a>\r\n\t\t\t<\/div>\r\n\r\n\t<div class=\"product-content\">\r\n\t\t<span class=\"category-list\"><a href=\"https:\/\/foodanhaenger.ch\/it\/product-category\/foodanhaenger\/\" rel=\"tag\">Rimorchio alimentare<\/a><\/span>\r\n\t\t\t<a class=\"product-loop-title\"  href=\"https:\/\/foodanhaenger.ch\/it\/shop\/verkaufswagen-imbisswagen-l-360-b-230-h-230-270\/\">\r\n\t<h3 class=\"woocommerce-loop-product__title\">Verkaufswagen &#8211; Imbisswagen L 360 B 230 H 230\/270<\/h3>\t<\/a>\r\n\t\r\n\t\t\r\n\r\n<div class=\"rating-wrap\">\r\n\t<div class=\"rating-content\"><div class=\"star-rating\" title=\"0\"><span style=\"width:0%\"><strong class=\"rating\">0<\/strong> out of 5<\/span><\/div><\/div>\r\n<\/div>\r\n\r\n\t<div class=\"description\">\r\n\t\t\t\t<p class=\"post-excerpt\">Innenmasse: 360 x 230 x 230\/270 cm<br \/>\nMaximales Gewicht: 1500 kg<br \/>\n1 Achse, mechanische KNOTT<br \/>\n1-2-3 Verkaufsklappen an der Seitenwand<br \/>\nEingangst\u00fcr vorne<br \/>\nmit *Grundausstattung<\/p>\n\t<\/div>\r\n\t\n\t<span class=\"price\"><span class=\"woocommerce-Price-amount amount\"><bdi><span class=\"woocommerce-Price-currencySymbol\">&#67;&#72;&#70;<\/span>&nbsp;23\u2019000<\/bdi><\/span><\/span>\n\r\n\t\t<div class=\"add-links-wrap\">\r\n\t<div class=\"add-links clearfix\">\r\n\t\t<a href=\"\/it\/wp-json\/wp\/v2\/pages\/5739?add-to-cart=5665\" aria-describedby=\"woocommerce_loop_add_to_cart_link_describedby_5665\" data-quantity=\"1\" class=\"viewcart-style-3 button product_type_simple add_to_cart_button ajax_add_to_cart\" data-product_id=\"5665\" data-product_sku=\"verkaufswagen-l-360\" aria-label=\"Aggiungi al carrello: &quot;Verkaufswagen - Imbisswagen L 360 B 230 H 230\/270&quot;\" rel=\"nofollow\" data-success_message=\"&quot;Verkaufswagen - Imbisswagen L 360 B 230 H 230\/270&quot; \u00e8 stato aggiunto al tuo carrello.\" role=\"button\" data-no-translation=\"\" data-trp-gettext=\"\" data-no-translation-aria-label=\"\" data-no-translation-data-success_message=\"\">Aggiungi al carrello<\/a>\t\t<span id=\"woocommerce_loop_add_to_cart_link_describedby_5665\" class=\"screen-reader-text\">\r\n\t\t\t<\/span>\r\n\t\t<div class=\"quickview\" data-id=\"5665\" title=\"Schnellansicht\">Schnellansicht<\/div>\t<\/div>\r\n\t<\/div>\r\n\t<\/div>\r\n<\/div>\r\n\r\n<\/li>\r\n\r\n<li role=\"none\" class=\"product-col product-default product type-product post-5668 status-publish instock product_cat-foodanhaenger product_tag-food-anhaenger product_tag-food-trailer product_tag-imbisswagen product_tag-verkaufswagen has-post-thumbnail shipping-taxable purchasable product-type-simple\">\r\n<div class=\"product-inner\">\r\n\t\r\n\t<div class=\"product-image\">\r\n\r\n\t\t<a  href=\"https:\/\/foodanhaenger.ch\/it\/shop\/verkaufswagen-imbisswagen-l-420-b-250-h-230-270\/\" aria-label=\"Go to product page\">\r\n\t\t\t<div class=\"inner img-effect\"><img loading=\"lazy\" decoding=\"async\" width=\"300\" height=\"225\" src=\"https:\/\/foodanhaenger.ch\/wp-content\/uploads\/2023\/09\/4-420-cm-Lang-1-300x225.webp\" class=\"attachment-woocommerce_thumbnail size-woocommerce_thumbnail\" alt=\"Verkaufswagen - Imbisswagen L 420 B 250 H 230\/270\" \/><img loading=\"lazy\" decoding=\"async\" width=\"300\" height=\"225\" src=\"https:\/\/foodanhaenger.ch\/wp-content\/uploads\/2024\/08\/Designfolierungen-Graffiti-04-1-300x225.webp\" class=\"hover-image\" alt=\"\" \/><\/div>\t\t<\/a>\r\n\t\t\t<\/div>\r\n\r\n\t<div class=\"product-content\">\r\n\t\t<span class=\"category-list\"><a href=\"https:\/\/foodanhaenger.ch\/it\/product-category\/foodanhaenger\/\" rel=\"tag\">Rimorchio alimentare<\/a><\/span>\r\n\t\t\t<a class=\"product-loop-title\"  href=\"https:\/\/foodanhaenger.ch\/it\/shop\/verkaufswagen-imbisswagen-l-420-b-250-h-230-270\/\">\r\n\t<h3 class=\"woocommerce-loop-product__title\">Verkaufswagen &#8211; Imbisswagen L 420 B 250 H 230\/270<\/h3>\t<\/a>\r\n\t\r\n\t\t\r\n\r\n<div class=\"rating-wrap\">\r\n\t<div class=\"rating-content\"><div class=\"star-rating\" title=\"0\"><span style=\"width:0%\"><strong class=\"rating\">0<\/strong> out of 5<\/span><\/div><\/div>\r\n<\/div>\r\n\r\n\t<div class=\"description\">\r\n\t\t\t\t<p class=\"post-excerpt\">Innenmasse: 420 x 230 x 230\/270 cm<br \/>\nMaximales Gewicht: 2500 kg<br \/>\n2 Achsen, mechanische KNOTT<br \/>\n1-2-3 Verkaufsklappen an der Seitenwand<br \/>\nEingangst\u00fcr vorne<br \/>\nmit *Grundausstattung<\/p>\n\t<\/div>\r\n\t\n\t<span class=\"price\"><span class=\"woocommerce-Price-amount amount\"><bdi><span class=\"woocommerce-Price-currencySymbol\">&#67;&#72;&#70;<\/span>&nbsp;26\u2019000<\/bdi><\/span><\/span>\n\r\n\t\t<div class=\"add-links-wrap\">\r\n\t<div class=\"add-links clearfix\">\r\n\t\t<a href=\"\/it\/wp-json\/wp\/v2\/pages\/5739?add-to-cart=5668\" aria-describedby=\"woocommerce_loop_add_to_cart_link_describedby_5668\" data-quantity=\"1\" class=\"viewcart-style-3 button product_type_simple add_to_cart_button ajax_add_to_cart\" data-product_id=\"5668\" data-product_sku=\"verkaufswagen-l-420\" aria-label=\"Aggiungi al carrello: &quot;Verkaufswagen - Imbisswagen L 420 B 250 H 230\/270&quot;\" rel=\"nofollow\" data-success_message=\"&quot;Verkaufswagen - Imbisswagen L 420 B 250 H 230\/270&quot; \u00e8 stato aggiunto al tuo carrello.\" role=\"button\" data-no-translation=\"\" data-trp-gettext=\"\" data-no-translation-aria-label=\"\" data-no-translation-data-success_message=\"\">Aggiungi al carrello<\/a>\t\t<span id=\"woocommerce_loop_add_to_cart_link_describedby_5668\" class=\"screen-reader-text\">\r\n\t\t\t<\/span>\r\n\t\t<div class=\"quickview\" data-id=\"5668\" title=\"Schnellansicht\">Schnellansicht<\/div>\t<\/div>\r\n\t<\/div>\r\n\t<\/div>\r\n<\/div>\r\n\r\n<\/li>\r\n\r\n<li role=\"none\" class=\"product-col product-default product type-product post-5681 status-publish last instock product_cat-foodanhaenger product_tag-food-anhaenger product_tag-food-trailer product_tag-imbisswagen product_tag-verkaufswagen has-post-thumbnail featured shipping-taxable purchasable product-type-simple\">\r\n<div class=\"product-inner\">\r\n\t\r\n\t<div class=\"product-image\">\r\n\r\n\t\t<a  href=\"https:\/\/foodanhaenger.ch\/it\/shop\/verkaufswagen-imbisswagen-l-520-b-250-h-230-270\/\" aria-label=\"Go to product page\">\r\n\t\t\t<div class=\"inner img-effect\"><img loading=\"lazy\" decoding=\"async\" width=\"300\" height=\"225\" src=\"https:\/\/foodanhaenger.ch\/wp-content\/uploads\/2023\/09\/5-520-cm-Lang-3-300x225.webp\" class=\"attachment-woocommerce_thumbnail size-woocommerce_thumbnail\" alt=\"Verkaufswagen - Imbisswagen L 520 B 250 H 230\/270\" \/><img loading=\"lazy\" decoding=\"async\" width=\"300\" height=\"225\" src=\"https:\/\/foodanhaenger.ch\/wp-content\/uploads\/2024\/11\/foodanhaenger-2024-11-011-300x225.webp\" class=\"hover-image\" alt=\"\" \/><\/div>\t\t<\/a>\r\n\t\t\t<\/div>\r\n\r\n\t<div class=\"product-content\">\r\n\t\t<span class=\"category-list\"><a href=\"https:\/\/foodanhaenger.ch\/it\/product-category\/foodanhaenger\/\" rel=\"tag\">Rimorchio alimentare<\/a><\/span>\r\n\t\t\t<a class=\"product-loop-title\"  href=\"https:\/\/foodanhaenger.ch\/it\/shop\/verkaufswagen-imbisswagen-l-520-b-250-h-230-270\/\">\r\n\t<h3 class=\"woocommerce-loop-product__title\">Verkaufswagen &#8211; Imbisswagen L 520 B 250 H 230\/270<\/h3>\t<\/a>\r\n\t\r\n\t\t\r\n\r\n<div class=\"rating-wrap\">\r\n\t<div class=\"rating-content\"><div class=\"star-rating\" title=\"0\"><span style=\"width:0%\"><strong class=\"rating\">0<\/strong> out of 5<\/span><\/div><\/div>\r\n<\/div>\r\n\r\n\t<div class=\"description\">\r\n\t\t\t\t<p class=\"post-excerpt\">Innenmasse: 520 x 250 x 230\/270 cm<br \/>\nMaximales Gewicht: 3500 kg<br \/>\n2 Achsen, mechanische KNOTT<br \/>\n1-2-3 Verkaufsklappen an der Seitenwand<br \/>\nEingangst\u00fcr vorne<br \/>\nmit *Grundausstattung<\/p>\n\t<\/div>\r\n\t\n\t<span class=\"price\"><span class=\"woocommerce-Price-amount amount\"><bdi><span class=\"woocommerce-Price-currencySymbol\">&#67;&#72;&#70;<\/span>&nbsp;29\u2019000<\/bdi><\/span><\/span>\n\r\n\t\t<div class=\"add-links-wrap\">\r\n\t<div class=\"add-links clearfix\">\r\n\t\t<a href=\"\/it\/wp-json\/wp\/v2\/pages\/5739?add-to-cart=5681\" aria-describedby=\"woocommerce_loop_add_to_cart_link_describedby_5681\" data-quantity=\"1\" class=\"viewcart-style-3 button product_type_simple add_to_cart_button ajax_add_to_cart\" data-product_id=\"5681\" data-product_sku=\"verkaufswagen-l-520\" aria-label=\"Aggiungi al carrello: &quot;Verkaufswagen - Imbisswagen L 520 B 250 H 230\/270&quot;\" rel=\"nofollow\" data-success_message=\"&quot;Verkaufswagen - Imbisswagen L 520 B 250 H 230\/270&quot; \u00e8 stato aggiunto al tuo carrello.\" role=\"button\" data-no-translation=\"\" data-trp-gettext=\"\" data-no-translation-aria-label=\"\" data-no-translation-data-success_message=\"\">Aggiungi al carrello<\/a>\t\t<span id=\"woocommerce_loop_add_to_cart_link_describedby_5681\" class=\"screen-reader-text\">\r\n\t\t\t<\/span>\r\n\t\t<div class=\"quickview\" data-id=\"5681\" title=\"Schnellansicht\">Schnellansicht<\/div>\t<\/div>\r\n\t<\/div>\r\n\t<\/div>\r\n<\/div>\r\n\r\n<\/li>\r\n\r\n<li role=\"none\" class=\"product-col product-default product type-product post-5693 status-publish first instock product_cat-foodanhaenger product_tag-food-anhaenger product_tag-food-trailer product_tag-imbisswagen product_tag-verkaufswagen has-post-thumbnail shipping-taxable purchasable product-type-simple\">\r\n<div class=\"product-inner\">\r\n\t\r\n\t<div class=\"product-image\">\r\n\r\n\t\t<a  href=\"https:\/\/foodanhaenger.ch\/it\/shop\/verkaufswagen-imbisswagen-l-620-b-250-h-230-270\/\" aria-label=\"Go to product page\">\r\n\t\t\t<div class=\"inner img-effect\"><img loading=\"lazy\" decoding=\"async\" width=\"300\" height=\"225\" src=\"https:\/\/foodanhaenger.ch\/wp-content\/uploads\/2024\/03\/foodanhaenger-l-620-01-300x225.webp\" class=\"attachment-woocommerce_thumbnail size-woocommerce_thumbnail\" alt=\"Verkaufswagen - Imbisswagen L 620 B 250 H 230\/270\" \/><img loading=\"lazy\" decoding=\"async\" width=\"300\" height=\"225\" src=\"https:\/\/foodanhaenger.ch\/wp-content\/uploads\/2024\/03\/foodanhaenger-l-620-02-300x225.webp\" class=\"hover-image\" alt=\"\" \/><\/div>\t\t<\/a>\r\n\t\t\t<\/div>\r\n\r\n\t<div class=\"product-content\">\r\n\t\t<span class=\"category-list\"><a href=\"https:\/\/foodanhaenger.ch\/it\/product-category\/foodanhaenger\/\" rel=\"tag\">Rimorchio alimentare<\/a><\/span>\r\n\t\t\t<a class=\"product-loop-title\"  href=\"https:\/\/foodanhaenger.ch\/it\/shop\/verkaufswagen-imbisswagen-l-620-b-250-h-230-270\/\">\r\n\t<h3 class=\"woocommerce-loop-product__title\">Verkaufswagen &#8211; Imbisswagen L 620 B 250 H 230\/270<\/h3>\t<\/a>\r\n\t\r\n\t\t\r\n\r\n<div class=\"rating-wrap\">\r\n\t<div class=\"rating-content\"><div class=\"star-rating\" title=\"0\"><span style=\"width:0%\"><strong class=\"rating\">0<\/strong> out of 5<\/span><\/div><\/div>\r\n<\/div>\r\n\r\n\t<div class=\"description\">\r\n\t\t\t\t<p class=\"post-excerpt\">Innenmasse: 620 x 250 x 230\/270 cm<br \/>\nMaximales Gewicht: 3500 kg<br \/>\n2 Achsen, mechanische KNOTT<br \/>\n1-2-3 Verkaufsklappen an der Seitenwand<br \/>\nEingangst\u00fcr vorne<br \/>\nmit *Grundausstattung<\/p>\n\t<\/div>\r\n\t\n\t<span class=\"price\"><span class=\"woocommerce-Price-amount amount\"><bdi><span class=\"woocommerce-Price-currencySymbol\">&#67;&#72;&#70;<\/span>&nbsp;32\u2019000<\/bdi><\/span><\/span>\n\r\n\t\t<div class=\"add-links-wrap\">\r\n\t<div class=\"add-links clearfix\">\r\n\t\t<a href=\"\/it\/wp-json\/wp\/v2\/pages\/5739?add-to-cart=5693\" aria-describedby=\"woocommerce_loop_add_to_cart_link_describedby_5693\" data-quantity=\"1\" class=\"viewcart-style-3 button product_type_simple add_to_cart_button ajax_add_to_cart\" data-product_id=\"5693\" data-product_sku=\"verkaufswagen-l-620\" aria-label=\"Aggiungi al carrello: &quot;Verkaufswagen - Imbisswagen L 620 B 250 H 230\/270&quot;\" rel=\"nofollow\" data-success_message=\"&quot;Verkaufswagen - Imbisswagen L 620 B 250 H 230\/270&quot; \u00e8 stato aggiunto al tuo carrello.\" role=\"button\" data-no-translation=\"\" data-trp-gettext=\"\" data-no-translation-aria-label=\"\" data-no-translation-data-success_message=\"\">Aggiungi al carrello<\/a>\t\t<span id=\"woocommerce_loop_add_to_cart_link_describedby_5693\" class=\"screen-reader-text\">\r\n\t\t\t<\/span>\r\n\t\t<div class=\"quickview\" data-id=\"5693\" title=\"Schnellansicht\">Schnellansicht<\/div>\t<\/div>\r\n\t<\/div>\r\n\t<\/div>\r\n<\/div>\r\n\r\n<\/li>\r\n\r\n<li role=\"none\" class=\"product-col product-default product type-product post-5687 status-publish instock product_cat-foodanhaenger product_tag-food-anhaenger product_tag-food-trailer product_tag-imbisswagen product_tag-verkaufswagen has-post-thumbnail shipping-taxable purchasable product-type-simple\">\r\n<div class=\"product-inner\">\r\n\t\r\n\t<div class=\"product-image\">\r\n\r\n\t\t<a  href=\"https:\/\/foodanhaenger.ch\/it\/shop\/verkaufswagen-imbisswagen-l-780-b-243-h-230\/\" aria-label=\"Go to product page\">\r\n\t\t\t<div class=\"inner img-effect\"><img loading=\"lazy\" decoding=\"async\" width=\"300\" height=\"225\" src=\"https:\/\/foodanhaenger.ch\/wp-content\/uploads\/2024\/03\/foodanhaenger-l-780-01-300x225.webp\" class=\"attachment-woocommerce_thumbnail size-woocommerce_thumbnail\" alt=\"foodanhaenger-l-780-01\" \/><img loading=\"lazy\" decoding=\"async\" width=\"300\" height=\"225\" src=\"https:\/\/foodanhaenger.ch\/wp-content\/uploads\/2024\/03\/foodanhaenger-l-780-02-300x225.webp\" class=\"hover-image\" alt=\"\" \/><\/div>\t\t<\/a>\r\n\t\t\t<\/div>\r\n\r\n\t<div class=\"product-content\">\r\n\t\t<span class=\"category-list\"><a href=\"https:\/\/foodanhaenger.ch\/it\/product-category\/foodanhaenger\/\" rel=\"tag\">Rimorchio alimentare<\/a><\/span>\r\n\t\t\t<a class=\"product-loop-title\"  href=\"https:\/\/foodanhaenger.ch\/it\/shop\/verkaufswagen-imbisswagen-l-780-b-243-h-230\/\">\r\n\t<h3 class=\"woocommerce-loop-product__title\">Verkaufswagen &#8211; Imbisswagen L 780 B 243 H 230<\/h3>\t<\/a>\r\n\t\r\n\t\t\r\n\r\n<div class=\"rating-wrap\">\r\n\t<div class=\"rating-content\"><div class=\"star-rating\" title=\"0\"><span style=\"width:0%\"><strong class=\"rating\">0<\/strong> out of 5<\/span><\/div><\/div>\r\n<\/div>\r\n\r\n\t<div class=\"description\">\r\n\t\t\t\t<p class=\"post-excerpt\">Dimensioni interne: 780 x 243 x 230 cm<br \/>\nMaximales Gewicht: 3500 kg<br \/>\n2 Achsen, mechanische KNOTT<br \/>\n1-2-3 Verkaufsklappen an der Seitenwand<br \/>\nEingangst\u00fcr vorne<br \/>\nmit *Grundausstattung<\/p>\n\t<\/div>\r\n\t\n\t<span class=\"price\"><span class=\"woocommerce-Price-amount amount\"><bdi><span class=\"woocommerce-Price-currencySymbol\">&#67;&#72;&#70;<\/span>&nbsp;34\u2019000<\/bdi><\/span><\/span>\n\r\n\t\t<div class=\"add-links-wrap\">\r\n\t<div class=\"add-links clearfix\">\r\n\t\t<a href=\"\/it\/wp-json\/wp\/v2\/pages\/5739?add-to-cart=5687\" aria-describedby=\"woocommerce_loop_add_to_cart_link_describedby_5687\" data-quantity=\"1\" class=\"viewcart-style-3 button product_type_simple add_to_cart_button ajax_add_to_cart\" data-product_id=\"5687\" data-product_sku=\"verkaufswagen-l-780\" aria-label=\"Aggiungi al carrello: &quot;Verkaufswagen - Imbisswagen L 780 B 243 H 230&quot;\" rel=\"nofollow\" data-success_message=\"&quot;Verkaufswagen - Imbisswagen L 780 B 243 H 230&quot; \u00e8 stato aggiunto al tuo carrello.\" role=\"button\" data-no-translation=\"\" data-trp-gettext=\"\" data-no-translation-aria-label=\"\" data-no-translation-data-success_message=\"\">Aggiungi al carrello<\/a>\t\t<span id=\"woocommerce_loop_add_to_cart_link_describedby_5687\" class=\"screen-reader-text\">\r\n\t\t\t<\/span>\r\n\t\t<div class=\"quickview\" data-id=\"5687\" title=\"Schnellansicht\">Schnellansicht<\/div>\t<\/div>\r\n\t<\/div>\r\n\t<\/div>\r\n<\/div>\r\n\r\n<\/li>\r\n<\/ul>\r\n<\/div><\/div><\/div>\t\t\t\t<\/div>\n\t\t\t\t\t<\/div>\r\n\t\t\t\t<\/div>\r\n\t\t\t\t\t<\/div>\r\n\t\t\t\t<\/section>\r\n\t\t\t\t\t<\/div>\r\n\t\t\t\t<\/div>\r\n\t\t\t\t\t<\/div>\r\n\t\t\t\t<\/section>\r\n\t\t\t\t<\/div>","protected":false},"excerpt":{"rendered":"<p>VIDEOGALERIE https:\/\/foodanhaenger.ch\/wp-content\/uploads\/2025\/03\/foodanhaenger-2025-03.mp4https:\/\/foodanhaenger.ch\/wp-content\/uploads\/2024\/11\/foodanhaenger-2024-11-001.mp4https:\/\/foodanhaenger.ch\/wp-content\/uploads\/2024\/08\/Designfolierungen-Graffiti.mp4https:\/\/foodanhaenger.ch\/wp-content\/uploads\/2023\/09\/Foodanhaenger-2.mp4https:\/\/foodanhaenger.ch\/wp-content\/uploads\/2024\/01\/VID-20240118-WA0001.mp4https:\/\/foodanhaenger.ch\/wp-content\/uploads\/2024\/05\/Designfolierungen.mp4https:\/\/foodanhaenger.ch\/wp-content\/uploads\/2024\/03\/WhatsApp-Video-2024-03-06-at-14.31.59_731e27e0.mp4 verf\u00fcgbare Modelle Foodanh\u00e4nger Verkaufswagen &#8211; Imbisswagen L 300 B 200 H 230\/270 0 out of 5 Innenmasse: 300 x 200 x 230\/270 cm Maximales Gewicht: 1500 kg 1 Achse, mechanische KNOTT 1-2-3 Verkaufsklappen an der Seitenwand Eingangst\u00fcr vorne mit *Grundausstattung &#67;&#72;&#70;&nbsp;21\u2019000 Add to cart Schnellansicht Foodanh\u00e4nger Verkaufswagen &#8211; Imbisswagen L 360 B 230 [&hellip;]<\/p>\n","protected":false},"author":1,"featured_media":2552,"parent":0,"menu_order":0,"comment_status":"closed","ping_status":"closed","template":"","meta":{"inline_featured_image":false,"cybocfi_hide_featured_image":"yes","footnotes":""},"class_list":["post-5739","page","type-page","status-publish","has-post-thumbnail","hentry"],"yoast_head":"<!-- This site is optimized with the Yoast SEO Premium plugin v27.4 (Yoast SEO v27.4) - https:\/\/yoast.com\/product\/yoast-seo-premium-wordpress\/ -->\n<title>Videogalerie - Food Trailer - Foodanh\u00e4nger in Grenchen<\/title>\n<meta name=\"description\" content=\"Speziell angefertigt Verkaufswagen und Imbisswagen, um Ihre Bed\u00fcrfnisse zu erf\u00fcllen. Professionelle Foodanh\u00e4nger f\u00fcr Ihren Verkauf. Bestellen Sie jetzt und \u00fcberzeugen Sie!\" \/>\n<meta name=\"robots\" content=\"index, follow, max-snippet:-1, max-image-preview:large, max-video-preview:-1\" \/>\n<link rel=\"canonical\" href=\"https:\/\/foodanhaenger.ch\/it\/videogalerie\/\" \/>\n<meta property=\"og:locale\" content=\"it_IT\" \/>\n<meta property=\"og:type\" content=\"article\" \/>\n<meta property=\"og:title\" content=\"Videogalerie\" \/>\n<meta property=\"og:description\" content=\"Speziell angefertigt Verkaufswagen und Imbisswagen, um Ihre Bed\u00fcrfnisse zu erf\u00fcllen. Professionelle Foodanh\u00e4nger f\u00fcr Ihren Verkauf. Bestellen Sie jetzt und \u00fcberzeugen Sie!\" \/>\n<meta property=\"og:url\" content=\"https:\/\/foodanhaenger.ch\/it\/videogalerie\/\" \/>\n<meta property=\"og:site_name\" content=\"Food Trailer - Foodanh\u00e4nger in Grenchen\" \/>\n<meta property=\"article:publisher\" content=\"https:\/\/www.facebook.com\/verkaufswagenverkaufen\" \/>\n<meta property=\"article:modified_time\" content=\"2025-03-18T05:39:49+00:00\" \/>\n<meta property=\"og:image\" content=\"https:\/\/foodanhaenger.ch\/wp-content\/uploads\/2023\/07\/Header-tab.webp\" \/>\n\t<meta property=\"og:image:width\" content=\"1300\" \/>\n\t<meta property=\"og:image:height\" content=\"1069\" \/>\n\t<meta property=\"og:image:type\" content=\"image\/webp\" \/>\n<meta name=\"twitter:card\" content=\"summary_large_image\" \/>\n<meta name=\"twitter:label1\" content=\"Tempo di lettura stimato\" \/>\n\t<meta name=\"twitter:data1\" content=\"9 minuti\" \/>\n<script type=\"application\/ld+json\" class=\"yoast-schema-graph\">{\"@context\":\"https:\\\/\\\/schema.org\",\"@graph\":[{\"@type\":\"WebPage\",\"@id\":\"https:\\\/\\\/foodanhaenger.ch\\\/fr\\\/videogalerie\\\/\",\"url\":\"https:\\\/\\\/foodanhaenger.ch\\\/fr\\\/videogalerie\\\/\",\"name\":\"Videogalerie - Food Trailer - Foodanh\u00e4nger in Grenchen\",\"isPartOf\":{\"@id\":\"https:\\\/\\\/foodanhaenger.ch\\\/#website\"},\"primaryImageOfPage\":{\"@id\":\"https:\\\/\\\/foodanhaenger.ch\\\/fr\\\/videogalerie\\\/#primaryimage\"},\"image\":{\"@id\":\"https:\\\/\\\/foodanhaenger.ch\\\/fr\\\/videogalerie\\\/#primaryimage\"},\"thumbnailUrl\":\"https:\\\/\\\/foodanhaenger.ch\\\/wp-content\\\/uploads\\\/2023\\\/07\\\/Header-tab.webp\",\"datePublished\":\"2024-03-12T06:24:28+00:00\",\"dateModified\":\"2025-03-18T05:39:49+00:00\",\"description\":\"Speziell angefertigt Verkaufswagen und Imbisswagen, um Ihre Bed\u00fcrfnisse zu erf\u00fcllen. Professionelle Foodanh\u00e4nger f\u00fcr Ihren Verkauf. Bestellen Sie jetzt und \u00fcberzeugen Sie!\",\"breadcrumb\":{\"@id\":\"https:\\\/\\\/foodanhaenger.ch\\\/fr\\\/videogalerie\\\/#breadcrumb\"},\"inLanguage\":\"it-IT\",\"potentialAction\":[{\"@type\":\"ReadAction\",\"target\":[\"https:\\\/\\\/foodanhaenger.ch\\\/fr\\\/videogalerie\\\/\"]}]},{\"@type\":\"BreadcrumbList\",\"@id\":\"https:\\\/\\\/foodanhaenger.ch\\\/fr\\\/videogalerie\\\/#breadcrumb\",\"itemListElement\":[{\"@type\":\"ListItem\",\"position\":1,\"name\":\"Home\",\"item\":\"https:\\\/\\\/foodanhaenger.ch\\\/\"},{\"@type\":\"ListItem\",\"position\":2,\"name\":\"Videogalerie\"}]},{\"@type\":\"WebSite\",\"@id\":\"https:\\\/\\\/foodanhaenger.ch\\\/#website\",\"url\":\"https:\\\/\\\/foodanhaenger.ch\\\/\",\"name\":\"Foodangh\u00e4nger - Food Trailer\",\"description\":\"foodtrailer, foodanh\u00e4nger, foodanghaenger, imbiswagen, verkaufswagen\",\"publisher\":{\"@id\":\"https:\\\/\\\/foodanhaenger.ch\\\/#organization\"},\"alternateName\":\"Food Trailer - Foodanghaenger\",\"potentialAction\":[{\"@type\":\"SearchAction\",\"target\":{\"@type\":\"EntryPoint\",\"urlTemplate\":\"https:\\\/\\\/foodanhaenger.ch\\\/?s={search_term_string}\"},\"query-input\":{\"@type\":\"PropertyValueSpecification\",\"valueRequired\":true,\"valueName\":\"search_term_string\"}}],\"inLanguage\":\"it-IT\"},{\"@type\":\"Organization\",\"@id\":\"https:\\\/\\\/foodanhaenger.ch\\\/#organization\",\"name\":\"Foodanh\u00e4nger by L\u00f6wey L&R Streetfood Truck\",\"alternateName\":\"Foodanghaenger.ch\",\"url\":\"https:\\\/\\\/foodanhaenger.ch\\\/\",\"logo\":{\"@type\":\"ImageObject\",\"inLanguage\":\"it-IT\",\"@id\":\"https:\\\/\\\/foodanhaenger.ch\\\/#\\\/schema\\\/logo\\\/image\\\/\",\"url\":\"https:\\\/\\\/foodanhaenger.ch\\\/wp-content\\\/uploads\\\/2023\\\/08\\\/favicon-512.webp\",\"contentUrl\":\"https:\\\/\\\/foodanhaenger.ch\\\/wp-content\\\/uploads\\\/2023\\\/08\\\/favicon-512.webp\",\"width\":512,\"height\":512,\"caption\":\"Foodanh\u00e4nger by L\u00f6wey L&R Streetfood Truck\"},\"image\":{\"@id\":\"https:\\\/\\\/foodanhaenger.ch\\\/#\\\/schema\\\/logo\\\/image\\\/\"},\"sameAs\":[\"https:\\\/\\\/www.facebook.com\\\/verkaufswagenverkaufen\"],\"ownershipFundingInfo\":\"https:\\\/\\\/foodanhaenger.ch\\\/kontakt\\\/\",\"actionableFeedbackPolicy\":\"https:\\\/\\\/foodanhaenger.ch\\\/kontakt\\\/\",\"correctionsPolicy\":\"https:\\\/\\\/foodanhaenger.ch\\\/kontakt\\\/\",\"ethicsPolicy\":\"https:\\\/\\\/foodanhaenger.ch\\\/kontakt\\\/\",\"diversityPolicy\":\"https:\\\/\\\/foodanhaenger.ch\\\/kontakt\\\/\",\"diversityStaffingReport\":\"https:\\\/\\\/foodanhaenger.ch\\\/kontakt\\\/\"}]}<\/script>\n<!-- \/ Yoast SEO Premium plugin. -->","yoast_head_json":{"title":"Videogalerie - Food Trailer - Foodanh\u00e4nger in Grenchen","description":"Speziell angefertigt Verkaufswagen und Imbisswagen, um Ihre Bed\u00fcrfnisse zu erf\u00fcllen. Professionelle Foodanh\u00e4nger f\u00fcr Ihren Verkauf. Bestellen Sie jetzt und \u00fcberzeugen Sie!","robots":{"index":"index","follow":"follow","max-snippet":"max-snippet:-1","max-image-preview":"max-image-preview:large","max-video-preview":"max-video-preview:-1"},"canonical":"https:\/\/foodanhaenger.ch\/it\/videogalerie\/","og_locale":"it_IT","og_type":"article","og_title":"Videogalerie","og_description":"Speziell angefertigt Verkaufswagen und Imbisswagen, um Ihre Bed\u00fcrfnisse zu erf\u00fcllen. Professionelle Foodanh\u00e4nger f\u00fcr Ihren Verkauf. Bestellen Sie jetzt und \u00fcberzeugen Sie!","og_url":"https:\/\/foodanhaenger.ch\/it\/videogalerie\/","og_site_name":"Food Trailer - Foodanh\u00e4nger in Grenchen","article_publisher":"https:\/\/www.facebook.com\/verkaufswagenverkaufen","article_modified_time":"2025-03-18T05:39:49+00:00","og_image":[{"width":1300,"height":1069,"url":"https:\/\/foodanhaenger.ch\/wp-content\/uploads\/2023\/07\/Header-tab.webp","type":"image\/webp"}],"twitter_card":"summary_large_image","twitter_misc":{"Tempo di lettura stimato":"9 minuti"},"schema":{"@context":"https:\/\/schema.org","@graph":[{"@type":"WebPage","@id":"https:\/\/foodanhaenger.ch\/fr\/videogalerie\/","url":"https:\/\/foodanhaenger.ch\/fr\/videogalerie\/","name":"Videogalerie - Food Trailer - Foodanh\u00e4nger in Grenchen","isPartOf":{"@id":"https:\/\/foodanhaenger.ch\/#website"},"primaryImageOfPage":{"@id":"https:\/\/foodanhaenger.ch\/fr\/videogalerie\/#primaryimage"},"image":{"@id":"https:\/\/foodanhaenger.ch\/fr\/videogalerie\/#primaryimage"},"thumbnailUrl":"https:\/\/foodanhaenger.ch\/wp-content\/uploads\/2023\/07\/Header-tab.webp","datePublished":"2024-03-12T06:24:28+00:00","dateModified":"2025-03-18T05:39:49+00:00","description":"Speziell angefertigt Verkaufswagen und Imbisswagen, um Ihre Bed\u00fcrfnisse zu erf\u00fcllen. Professionelle Foodanh\u00e4nger f\u00fcr Ihren Verkauf. Bestellen Sie jetzt und \u00fcberzeugen Sie!","breadcrumb":{"@id":"https:\/\/foodanhaenger.ch\/fr\/videogalerie\/#breadcrumb"},"inLanguage":"it-IT","potentialAction":[{"@type":"ReadAction","target":["https:\/\/foodanhaenger.ch\/fr\/videogalerie\/"]}]},{"@type":"BreadcrumbList","@id":"https:\/\/foodanhaenger.ch\/fr\/videogalerie\/#breadcrumb","itemListElement":[{"@type":"ListItem","position":1,"name":"Home","item":"https:\/\/foodanhaenger.ch\/"},{"@type":"ListItem","position":2,"name":"Videogalerie"}]},{"@type":"WebSite","@id":"https:\/\/foodanhaenger.ch\/#website","url":"https:\/\/foodanhaenger.ch\/","name":"Foodangh\u00e4nger - Food Trailer","description":"foodtrailer, foodanh\u00e4nger, foodanghaenger, imbiswagen, verkaufswagen","publisher":{"@id":"https:\/\/foodanhaenger.ch\/#organization"},"alternateName":"Food Trailer - Foodanghaenger","potentialAction":[{"@type":"SearchAction","target":{"@type":"EntryPoint","urlTemplate":"https:\/\/foodanhaenger.ch\/?s={search_term_string}"},"query-input":{"@type":"PropertyValueSpecification","valueRequired":true,"valueName":"search_term_string"}}],"inLanguage":"it-IT"},{"@type":"Organization","@id":"https:\/\/foodanhaenger.ch\/#organization","name":"Foodanh\u00e4nger by L\u00f6wey L&R Streetfood Truck","alternateName":"Foodanghaenger.ch","url":"https:\/\/foodanhaenger.ch\/","logo":{"@type":"ImageObject","inLanguage":"it-IT","@id":"https:\/\/foodanhaenger.ch\/#\/schema\/logo\/image\/","url":"https:\/\/foodanhaenger.ch\/wp-content\/uploads\/2023\/08\/favicon-512.webp","contentUrl":"https:\/\/foodanhaenger.ch\/wp-content\/uploads\/2023\/08\/favicon-512.webp","width":512,"height":512,"caption":"Foodanh\u00e4nger by L\u00f6wey L&R Streetfood Truck"},"image":{"@id":"https:\/\/foodanhaenger.ch\/#\/schema\/logo\/image\/"},"sameAs":["https:\/\/www.facebook.com\/verkaufswagenverkaufen"],"ownershipFundingInfo":"https:\/\/foodanhaenger.ch\/kontakt\/","actionableFeedbackPolicy":"https:\/\/foodanhaenger.ch\/kontakt\/","correctionsPolicy":"https:\/\/foodanhaenger.ch\/kontakt\/","ethicsPolicy":"https:\/\/foodanhaenger.ch\/kontakt\/","diversityPolicy":"https:\/\/foodanhaenger.ch\/kontakt\/","diversityStaffingReport":"https:\/\/foodanhaenger.ch\/kontakt\/"}]}},"_links":{"self":[{"href":"https:\/\/foodanhaenger.ch\/it\/wp-json\/wp\/v2\/pages\/5739","targetHints":{"allow":["GET"]}}],"collection":[{"href":"https:\/\/foodanhaenger.ch\/it\/wp-json\/wp\/v2\/pages"}],"about":[{"href":"https:\/\/foodanhaenger.ch\/it\/wp-json\/wp\/v2\/types\/page"}],"author":[{"embeddable":true,"href":"https:\/\/foodanhaenger.ch\/it\/wp-json\/wp\/v2\/users\/1"}],"replies":[{"embeddable":true,"href":"https:\/\/foodanhaenger.ch\/it\/wp-json\/wp\/v2\/comments?post=5739"}],"version-history":[{"count":9,"href":"https:\/\/foodanhaenger.ch\/it\/wp-json\/wp\/v2\/pages\/5739\/revisions"}],"predecessor-version":[{"id":6444,"href":"https:\/\/foodanhaenger.ch\/it\/wp-json\/wp\/v2\/pages\/5739\/revisions\/6444"}],"wp:featuredmedia":[{"embeddable":true,"href":"https:\/\/foodanhaenger.ch\/it\/wp-json\/wp\/v2\/media\/2552"}],"wp:attachment":[{"href":"https:\/\/foodanhaenger.ch\/it\/wp-json\/wp\/v2\/media?parent=5739"}],"curies":[{"name":"wp","href":"https:\/\/api.w.org\/{rel}","templated":true}]}}