{"id":4803,"date":"2023-12-19T08:28:11","date_gmt":"2023-12-19T07:28:11","guid":{"rendered":"https:\/\/foodanhaenger.ch\/?page_id=4803"},"modified":"2023-12-27T18:29:23","modified_gmt":"2023-12-27T17:29:23","slug":"besichtigungstermin","status":"publish","type":"page","link":"https:\/\/foodanhaenger.ch\/en\/besichtigungstermin\/","title":{"rendered":"Appointment"},"content":{"rendered":"<div data-elementor-type=\"wp-page\" data-elementor-id=\"4803\" class=\"elementor elementor-4803\" data-elementor-post-type=\"page\">\n\t\t\t\t\t\t<section class=\"elementor-section elementor-top-section elementor-element elementor-element-2bd0634d elementor-section-content-middle elementor-section-stretched elementor-section-boxed elementor-section-height-default elementor-section-height-default\" data-id=\"2bd0634d\" data-element_type=\"section\" data-e-type=\"section\" data-settings=\"{&quot;background_background&quot;:&quot;classic&quot;,&quot;stretch_section&quot;:&quot;section-stretched&quot;}\">\r\n\t\t\t\t\t\t<div class=\"elementor-background-overlay\"><\/div>\r\n\t\t\t\r\n\t\t\t\t\t\t\t<div class=\"elementor-container elementor-column-gap-no\">\r\n\t\t\t\t\t\t\t\t\t\t\t<div class=\"elementor-column elementor-col-100 elementor-top-column elementor-element elementor-element-57654098 elementor-invisible\" data-id=\"57654098\" data-element_type=\"column\" data-e-type=\"column\" data-settings=\"{&quot;background_background&quot;:&quot;classic&quot;,&quot;animation&quot;:&quot;fadeInLeft&quot;,&quot;animation_delay&quot;:500}\">\r\n\t\t\t\t\t<div class=\"elementor-widget-wrap elementor-element-populated\">\r\n\t\t\t\t\t\t\t\t<div class=\"elementor-element elementor-element-349e7260 elementor-widget elementor-widget-heading\" data-id=\"349e7260\" data-element_type=\"widget\" data-e-type=\"widget\" data-widget_type=\"heading.default\">\n\t\t\t\t\t<h3 class=\"elementor-heading-title elementor-size-default\">Appointment<\/h3>\t\t\t\t<\/div>\n\t\t\t\t<div class=\"elementor-element elementor-element-4ba0f5e elementor-widget elementor-widget-shortcode\" data-id=\"4ba0f5e\" data-element_type=\"widget\" data-e-type=\"widget\" data-widget_type=\"shortcode.default\">\n\t\t\t\t\t\t\t<div class=\"elementor-shortcode\"><div id=\"calendly-inline-widget\" class=\"calendly-inline-widget\" \n                    data-url=\"https:\/\/calendly.com\/foodanhaenger\/besichtigungstermin-1\" data-redirection=\"\" \n                    style=\"height:670px; min-width:600px\"><\/div><\/div>\n\t\t\t\t\t\t<\/div>\n\t\t\t\t<div class=\"elementor-element elementor-element-241c656 elementor-hidden-desktop elementor-hidden-tablet_extra elementor-hidden-tablet elementor-hidden-mobile_extra elementor-hidden-mobile elementor-widget elementor-widget-shortcode\" data-id=\"241c656\" data-element_type=\"widget\" data-e-type=\"widget\" data-widget_type=\"shortcode.default\">\n\t\t\t\t\t\t\t<div class=\"elementor-shortcode\"><div id=\"calendly-inline-widget\" class=\"calendly-inline-widget\" \n                    data-url=\"https:\/\/calendly.com\/foodanhaenger\/besichtigungstermin-1\" data-redirection=\"\" \n                    style=\"height:900px; min-width:400px\"><\/div><\/div>\n\t\t\t\t\t\t<\/div>\n\t\t\t\t<div class=\"elementor-element elementor-element-aecab08 elementor-hidden-desktop elementor-hidden-tablet_extra elementor-hidden-mobile elementor-hidden-tablet elementor-hidden-mobile_extra elementor-widget elementor-widget-shortcode\" data-id=\"aecab08\" data-element_type=\"widget\" data-e-type=\"widget\" data-widget_type=\"shortcode.default\">\n\t\t\t\t\t\t\t<div class=\"elementor-shortcode\"><div id=\"calendly-inline-widget\" class=\"calendly-inline-widget\" \n                    data-url=\"https:\/\/calendly.com\/foodanhaenger\/besichtigungstermin-1\" data-redirection=\"\" \n                    style=\"height:1060px; min-width:400px\"><\/div><\/div>\n\t\t\t\t\t\t<\/div>\n\t\t\t\t<div class=\"elementor-element elementor-element-098bf84 elementor-widget elementor-widget-google_maps\" data-id=\"098bf84\" data-element_type=\"widget\" data-e-type=\"widget\" data-widget_type=\"google_maps.default\">\n\t\t\t\t\t\t\t<div class=\"elementor-custom-embed\">\n\t\t\t<iframe loading=\"lazy\"\n\t\t\t\t\tsrc=\"https:\/\/maps.google.com\/maps?q=Flughafenstrasse%202%2C%202540%20Grenchen&#038;t=m&#038;z=11&#038;output=embed&#038;iwloc=near\"\n\t\t\t\t\ttitle=\"Flughafenstrasse 2, 2540 Grenchen\"\n\t\t\t\t\taria-label=\"Flughafenstrasse 2, 2540 Grenchen\"\n\t\t\t><\/iframe>\n\t\t<\/div>\n\t\t\t\t\t\t<\/div>\n\t\t\t\t\t<\/div>\r\n\t\t\t\t<\/div>\r\n\t\t\t\t\t<\/div>\r\n\t\t\t\t<\/section>\r\n\t\t\t\t<\/div>","protected":false},"excerpt":{"rendered":"<p>Appointment<\/p>","protected":false},"author":1,"featured_media":2552,"parent":0,"menu_order":0,"comment_status":"closed","ping_status":"closed","template":"","meta":{"inline_featured_image":false,"cybocfi_hide_featured_image":"yes","footnotes":""},"class_list":["post-4803","page","type-page","status-publish","has-post-thumbnail","hentry"],"yoast_head":"<!-- This site is optimized with the Yoast SEO Premium plugin v27.4 (Yoast SEO v27.4) - https:\/\/yoast.com\/product\/yoast-seo-premium-wordpress\/ -->\n<title>Besichtigungstermin - Food Trailer - Foodanh\u00e4nger in Grenchen<\/title>\n<meta name=\"description\" content=\"Speziell angefertigt Verkaufswagen und Imbisswagen, um Ihre Bed\u00fcrfnisse zu erf\u00fcllen. Professionelle Foodanh\u00e4nger f\u00fcr Ihren Verkauf. Bestellen Sie jetzt und \u00fcberzeugen Sie!\" \/>\n<meta name=\"robots\" content=\"index, follow, max-snippet:-1, max-image-preview:large, max-video-preview:-1\" \/>\n<link rel=\"canonical\" href=\"https:\/\/foodanhaenger.ch\/en\/besichtigungstermin\/\" \/>\n<meta property=\"og:locale\" content=\"en_GB\" \/>\n<meta property=\"og:type\" content=\"article\" \/>\n<meta property=\"og:title\" content=\"Besichtigungstermin\" \/>\n<meta property=\"og:description\" content=\"Speziell angefertigt Verkaufswagen und Imbisswagen, um Ihre Bed\u00fcrfnisse zu erf\u00fcllen. Professionelle Foodanh\u00e4nger f\u00fcr Ihren Verkauf. Bestellen Sie jetzt und \u00fcberzeugen Sie!\" \/>\n<meta property=\"og:url\" content=\"https:\/\/foodanhaenger.ch\/en\/besichtigungstermin\/\" \/>\n<meta property=\"og:site_name\" content=\"Food Trailer - Foodanh\u00e4nger in Grenchen\" \/>\n<meta property=\"article:publisher\" content=\"https:\/\/www.facebook.com\/verkaufswagenverkaufen\" \/>\n<meta property=\"article:modified_time\" content=\"2023-12-27T17:29:23+00:00\" \/>\n<meta property=\"og:image\" content=\"https:\/\/foodanhaenger.ch\/wp-content\/uploads\/2023\/07\/Header-tab.webp\" \/>\n\t<meta property=\"og:image:width\" content=\"1300\" \/>\n\t<meta property=\"og:image:height\" content=\"1069\" \/>\n\t<meta property=\"og:image:type\" content=\"image\/webp\" \/>\n<meta name=\"twitter:card\" content=\"summary_large_image\" \/>\n<meta name=\"twitter:label1\" content=\"Estimated reading time\" \/>\n\t<meta name=\"twitter:data1\" content=\"1 minute\" \/>\n<script type=\"application\/ld+json\" class=\"yoast-schema-graph\">{\"@context\":\"https:\\\/\\\/schema.org\",\"@graph\":[{\"@type\":\"WebPage\",\"@id\":\"https:\\\/\\\/foodanhaenger.ch\\\/besichtigungstermin\\\/\",\"url\":\"https:\\\/\\\/foodanhaenger.ch\\\/besichtigungstermin\\\/\",\"name\":\"Besichtigungstermin - Food Trailer - Foodanh\u00e4nger in Grenchen\",\"isPartOf\":{\"@id\":\"https:\\\/\\\/foodanhaenger.ch\\\/#website\"},\"primaryImageOfPage\":{\"@id\":\"https:\\\/\\\/foodanhaenger.ch\\\/besichtigungstermin\\\/#primaryimage\"},\"image\":{\"@id\":\"https:\\\/\\\/foodanhaenger.ch\\\/besichtigungstermin\\\/#primaryimage\"},\"thumbnailUrl\":\"https:\\\/\\\/foodanhaenger.ch\\\/wp-content\\\/uploads\\\/2023\\\/07\\\/Header-tab.webp\",\"datePublished\":\"2023-12-19T07:28:11+00:00\",\"dateModified\":\"2023-12-27T17:29:23+00:00\",\"description\":\"Speziell angefertigt Verkaufswagen und Imbisswagen, um Ihre Bed\u00fcrfnisse zu erf\u00fcllen. Professionelle Foodanh\u00e4nger f\u00fcr Ihren Verkauf. Bestellen Sie jetzt und \u00fcberzeugen Sie!\",\"breadcrumb\":{\"@id\":\"https:\\\/\\\/foodanhaenger.ch\\\/besichtigungstermin\\\/#breadcrumb\"},\"inLanguage\":\"en-GB\",\"potentialAction\":[{\"@type\":\"ReadAction\",\"target\":[\"https:\\\/\\\/foodanhaenger.ch\\\/besichtigungstermin\\\/\"]}]},{\"@type\":\"BreadcrumbList\",\"@id\":\"https:\\\/\\\/foodanhaenger.ch\\\/besichtigungstermin\\\/#breadcrumb\",\"itemListElement\":[{\"@type\":\"ListItem\",\"position\":1,\"name\":\"Home\",\"item\":\"https:\\\/\\\/foodanhaenger.ch\\\/\"},{\"@type\":\"ListItem\",\"position\":2,\"name\":\"Besichtigungstermin\"}]},{\"@type\":\"WebSite\",\"@id\":\"https:\\\/\\\/foodanhaenger.ch\\\/#website\",\"url\":\"https:\\\/\\\/foodanhaenger.ch\\\/\",\"name\":\"Foodangh\u00e4nger - Food Trailer\",\"description\":\"foodtrailer, foodanh\u00e4nger, foodanghaenger, imbiswagen, verkaufswagen\",\"publisher\":{\"@id\":\"https:\\\/\\\/foodanhaenger.ch\\\/#organization\"},\"alternateName\":\"Food Trailer - Foodanghaenger\",\"potentialAction\":[{\"@type\":\"SearchAction\",\"target\":{\"@type\":\"EntryPoint\",\"urlTemplate\":\"https:\\\/\\\/foodanhaenger.ch\\\/?s={search_term_string}\"},\"query-input\":{\"@type\":\"PropertyValueSpecification\",\"valueRequired\":true,\"valueName\":\"search_term_string\"}}],\"inLanguage\":\"en-GB\"},{\"@type\":\"Organization\",\"@id\":\"https:\\\/\\\/foodanhaenger.ch\\\/#organization\",\"name\":\"Foodanh\u00e4nger by L\u00f6wey L&R Streetfood Truck\",\"alternateName\":\"Foodanghaenger.ch\",\"url\":\"https:\\\/\\\/foodanhaenger.ch\\\/\",\"logo\":{\"@type\":\"ImageObject\",\"inLanguage\":\"en-GB\",\"@id\":\"https:\\\/\\\/foodanhaenger.ch\\\/#\\\/schema\\\/logo\\\/image\\\/\",\"url\":\"https:\\\/\\\/foodanhaenger.ch\\\/wp-content\\\/uploads\\\/2023\\\/08\\\/favicon-512.webp\",\"contentUrl\":\"https:\\\/\\\/foodanhaenger.ch\\\/wp-content\\\/uploads\\\/2023\\\/08\\\/favicon-512.webp\",\"width\":512,\"height\":512,\"caption\":\"Foodanh\u00e4nger by L\u00f6wey L&R Streetfood Truck\"},\"image\":{\"@id\":\"https:\\\/\\\/foodanhaenger.ch\\\/#\\\/schema\\\/logo\\\/image\\\/\"},\"sameAs\":[\"https:\\\/\\\/www.facebook.com\\\/verkaufswagenverkaufen\"],\"ownershipFundingInfo\":\"https:\\\/\\\/foodanhaenger.ch\\\/kontakt\\\/\",\"actionableFeedbackPolicy\":\"https:\\\/\\\/foodanhaenger.ch\\\/kontakt\\\/\",\"correctionsPolicy\":\"https:\\\/\\\/foodanhaenger.ch\\\/kontakt\\\/\",\"ethicsPolicy\":\"https:\\\/\\\/foodanhaenger.ch\\\/kontakt\\\/\",\"diversityPolicy\":\"https:\\\/\\\/foodanhaenger.ch\\\/kontakt\\\/\",\"diversityStaffingReport\":\"https:\\\/\\\/foodanhaenger.ch\\\/kontakt\\\/\"}]}<\/script>\n<!-- \/ Yoast SEO Premium plugin. -->","yoast_head_json":{"title":"Besichtigungstermin - Food Trailer - Foodanh\u00e4nger in Grenchen","description":"Speziell angefertigt Verkaufswagen und Imbisswagen, um Ihre Bed\u00fcrfnisse zu erf\u00fcllen. Professionelle Foodanh\u00e4nger f\u00fcr Ihren Verkauf. Bestellen Sie jetzt und \u00fcberzeugen Sie!","robots":{"index":"index","follow":"follow","max-snippet":"max-snippet:-1","max-image-preview":"max-image-preview:large","max-video-preview":"max-video-preview:-1"},"canonical":"https:\/\/foodanhaenger.ch\/en\/besichtigungstermin\/","og_locale":"en_GB","og_type":"article","og_title":"Besichtigungstermin","og_description":"Speziell angefertigt Verkaufswagen und Imbisswagen, um Ihre Bed\u00fcrfnisse zu erf\u00fcllen. Professionelle Foodanh\u00e4nger f\u00fcr Ihren Verkauf. Bestellen Sie jetzt und \u00fcberzeugen Sie!","og_url":"https:\/\/foodanhaenger.ch\/en\/besichtigungstermin\/","og_site_name":"Food Trailer - Foodanh\u00e4nger in Grenchen","article_publisher":"https:\/\/www.facebook.com\/verkaufswagenverkaufen","article_modified_time":"2023-12-27T17:29:23+00:00","og_image":[{"width":1300,"height":1069,"url":"https:\/\/foodanhaenger.ch\/wp-content\/uploads\/2023\/07\/Header-tab.webp","type":"image\/webp"}],"twitter_card":"summary_large_image","twitter_misc":{"Estimated reading time":"1 minute"},"schema":{"@context":"https:\/\/schema.org","@graph":[{"@type":"WebPage","@id":"https:\/\/foodanhaenger.ch\/besichtigungstermin\/","url":"https:\/\/foodanhaenger.ch\/besichtigungstermin\/","name":"Besichtigungstermin - Food Trailer - Foodanh\u00e4nger in Grenchen","isPartOf":{"@id":"https:\/\/foodanhaenger.ch\/#website"},"primaryImageOfPage":{"@id":"https:\/\/foodanhaenger.ch\/besichtigungstermin\/#primaryimage"},"image":{"@id":"https:\/\/foodanhaenger.ch\/besichtigungstermin\/#primaryimage"},"thumbnailUrl":"https:\/\/foodanhaenger.ch\/wp-content\/uploads\/2023\/07\/Header-tab.webp","datePublished":"2023-12-19T07:28:11+00:00","dateModified":"2023-12-27T17:29:23+00:00","description":"Speziell angefertigt Verkaufswagen und Imbisswagen, um Ihre Bed\u00fcrfnisse zu erf\u00fcllen. Professionelle Foodanh\u00e4nger f\u00fcr Ihren Verkauf. Bestellen Sie jetzt und \u00fcberzeugen Sie!","breadcrumb":{"@id":"https:\/\/foodanhaenger.ch\/besichtigungstermin\/#breadcrumb"},"inLanguage":"en-GB","potentialAction":[{"@type":"ReadAction","target":["https:\/\/foodanhaenger.ch\/besichtigungstermin\/"]}]},{"@type":"BreadcrumbList","@id":"https:\/\/foodanhaenger.ch\/besichtigungstermin\/#breadcrumb","itemListElement":[{"@type":"ListItem","position":1,"name":"Home","item":"https:\/\/foodanhaenger.ch\/"},{"@type":"ListItem","position":2,"name":"Besichtigungstermin"}]},{"@type":"WebSite","@id":"https:\/\/foodanhaenger.ch\/#website","url":"https:\/\/foodanhaenger.ch\/","name":"Foodangh\u00e4nger - Food Trailer","description":"foodtrailer, foodanh\u00e4nger, foodanghaenger, imbiswagen, verkaufswagen","publisher":{"@id":"https:\/\/foodanhaenger.ch\/#organization"},"alternateName":"Food Trailer - Foodanghaenger","potentialAction":[{"@type":"SearchAction","target":{"@type":"EntryPoint","urlTemplate":"https:\/\/foodanhaenger.ch\/?s={search_term_string}"},"query-input":{"@type":"PropertyValueSpecification","valueRequired":true,"valueName":"search_term_string"}}],"inLanguage":"en-GB"},{"@type":"Organization","@id":"https:\/\/foodanhaenger.ch\/#organization","name":"Foodanh\u00e4nger by L\u00f6wey L&R Streetfood Truck","alternateName":"Foodanghaenger.ch","url":"https:\/\/foodanhaenger.ch\/","logo":{"@type":"ImageObject","inLanguage":"en-GB","@id":"https:\/\/foodanhaenger.ch\/#\/schema\/logo\/image\/","url":"https:\/\/foodanhaenger.ch\/wp-content\/uploads\/2023\/08\/favicon-512.webp","contentUrl":"https:\/\/foodanhaenger.ch\/wp-content\/uploads\/2023\/08\/favicon-512.webp","width":512,"height":512,"caption":"Foodanh\u00e4nger by L\u00f6wey L&R Streetfood Truck"},"image":{"@id":"https:\/\/foodanhaenger.ch\/#\/schema\/logo\/image\/"},"sameAs":["https:\/\/www.facebook.com\/verkaufswagenverkaufen"],"ownershipFundingInfo":"https:\/\/foodanhaenger.ch\/kontakt\/","actionableFeedbackPolicy":"https:\/\/foodanhaenger.ch\/kontakt\/","correctionsPolicy":"https:\/\/foodanhaenger.ch\/kontakt\/","ethicsPolicy":"https:\/\/foodanhaenger.ch\/kontakt\/","diversityPolicy":"https:\/\/foodanhaenger.ch\/kontakt\/","diversityStaffingReport":"https:\/\/foodanhaenger.ch\/kontakt\/"}]}},"_links":{"self":[{"href":"https:\/\/foodanhaenger.ch\/en\/wp-json\/wp\/v2\/pages\/4803","targetHints":{"allow":["GET"]}}],"collection":[{"href":"https:\/\/foodanhaenger.ch\/en\/wp-json\/wp\/v2\/pages"}],"about":[{"href":"https:\/\/foodanhaenger.ch\/en\/wp-json\/wp\/v2\/types\/page"}],"author":[{"embeddable":true,"href":"https:\/\/foodanhaenger.ch\/en\/wp-json\/wp\/v2\/users\/1"}],"replies":[{"embeddable":true,"href":"https:\/\/foodanhaenger.ch\/en\/wp-json\/wp\/v2\/comments?post=4803"}],"version-history":[{"count":0,"href":"https:\/\/foodanhaenger.ch\/en\/wp-json\/wp\/v2\/pages\/4803\/revisions"}],"wp:featuredmedia":[{"embeddable":true,"href":"https:\/\/foodanhaenger.ch\/en\/wp-json\/wp\/v2\/media\/2552"}],"wp:attachment":[{"href":"https:\/\/foodanhaenger.ch\/en\/wp-json\/wp\/v2\/media?parent=4803"}],"curies":[{"name":"wp","href":"https:\/\/api.w.org\/{rel}","templated":true}]}}